{"id":3338,"date":"2025-02-17T10:13:13","date_gmt":"2025-02-17T09:13:13","guid":{"rendered":"https:\/\/logistiknetz-bb.de\/?post_type=tribe_events&#038;p=3338"},"modified":"2025-02-17T10:13:13","modified_gmt":"2025-02-17T09:13:13","slug":"hauptstadtkonferenz-elektromobilitaet","status":"publish","type":"tribe_events","link":"https:\/\/logistiknetz-bb.de\/?tribe_events=hauptstadtkonferenz-elektromobilitaet","title":{"rendered":"Hauptstadtkonferenz Elektromobilit\u00e4t"},"content":{"rendered":"<p>Es erwartet Sie im\u00a0<strong>Berliner Rathaus und online<\/strong>\u00a0ein spannender Austausch \u00fcber die neuesten Entwicklungen, Herausforderungen und Chancen der Elektromobilit\u00e4t und nachhaltigen Mobilit\u00e4t.<\/p>\n<p>Schirmherr der Konferenz ist der Regierende B\u00fcrgermeister von Berlin, Kai Wegner. Au\u00dferdem werden die Wirtschaftssenatorin Franziska Giffey sowie die Verkehrssenatorin Ute Bonde gemeinsam mit Expert:innen aus Wirtschaft und Wissenschaft aufzeigen, wie Berlin im Bereich der Elektromobilit\u00e4t weiter auf der \u00dcberholspur bleibt.<\/p>\n<p>Seien Sie dabei, wenn wir zum Ausbau der Ladeinfrastruktur, zur Verkehrswende in anderen Metropolen, zum Mobilit\u00e4tsmanagement und zu den Potentialen elektrischer Nutzfahrzeuge diskutieren. Nutzen Sie die Gelegenheit, sich im Rahmen der begleitenden Ausstellung zu vernetzen und sich zu konkreten L\u00f6sungen f\u00fcr die Zukunft der Mobilit\u00e4t auszutauschen.<\/p>\n<p><a href=\"https:\/\/www.emo-berlin.de\/aktuelles\/detail-events\/hauptstadtkonferenz-elektromobilitaet-2025\"><strong>HIER<\/strong><strong>\u00a0<\/strong><\/a>geht\u2019s zur Agenda und Anmeldung.<\/p>\n","protected":false},"excerpt":{"rendered":"<p>Es erwartet Sie im\u00a0Berliner Rathaus und online\u00a0ein spannender Austausch \u00fcber die neuesten Entwicklungen, Herausforderungen und Chancen der Elektromobilit\u00e4t und nachhaltigen Mobilit\u00e4t. Schirmherr der Konferenz ist der Regierende B\u00fcrgermeister von Berlin, &#8230;<\/p>\n","protected":false},"author":3,"featured_media":0,"comment_status":"closed","ping_status":"closed","template":"","meta":{"inline_featured_image":false,"_tribe_events_status":"","_tribe_events_status_reason":""},"tags":[],"tribe_events_cat":[],"_links":{"self":[{"href":"https:\/\/logistiknetz-bb.de\/index.php?rest_route=\/wp\/v2\/tribe_events\/3338"}],"collection":[{"href":"https:\/\/logistiknetz-bb.de\/index.php?rest_route=\/wp\/v2\/tribe_events"}],"about":[{"href":"https:\/\/logistiknetz-bb.de\/index.php?rest_route=\/wp\/v2\/types\/tribe_events"}],"author":[{"embeddable":true,"href":"https:\/\/logistiknetz-bb.de\/index.php?rest_route=\/wp\/v2\/users\/3"}],"replies":[{"embeddable":true,"href":"https:\/\/logistiknetz-bb.de\/index.php?rest_route=%2Fwp%2Fv2%2Fcomments&post=3338"}],"version-history":[{"count":1,"href":"https:\/\/logistiknetz-bb.de\/index.php?rest_route=\/wp\/v2\/tribe_events\/3338\/revisions"}],"predecessor-version":[{"id":3339,"href":"https:\/\/logistiknetz-bb.de\/index.php?rest_route=\/wp\/v2\/tribe_events\/3338\/revisions\/3339"}],"wp:attachment":[{"href":"https:\/\/logistiknetz-bb.de\/index.php?rest_route=%2Fwp%2Fv2%2Fmedia&parent=3338"}],"wp:term":[{"taxonomy":"post_tag","embeddable":true,"href":"https:\/\/logistiknetz-bb.de\/index.php?rest_route=%2Fwp%2Fv2%2Ftags&post=3338"},{"taxonomy":"tribe_events_cat","embeddable":true,"href":"https:\/\/logistiknetz-bb.de\/index.php?rest_route=%2Fwp%2Fv2%2Ftribe_events_cat&post=3338"}],"curies":[{"name":"wp","href":"https:\/\/api.w.org\/{rel}","templated":true}]}}