{"id":3987,"date":"2026-04-30T11:57:30","date_gmt":"2026-04-30T09:57:30","guid":{"rendered":"https:\/\/logistiknetz-bb.de\/?post_type=tribe_events&#038;p=3987"},"modified":"2026-04-30T11:59:27","modified_gmt":"2026-04-30T09:59:27","slug":"einladung-20-jahre-logistiknetz-bb-sommerfest-bei-der-behala","status":"publish","type":"tribe_events","link":"https:\/\/logistiknetz-bb.de\/?tribe_events=einladung-20-jahre-logistiknetz-bb-sommerfest-bei-der-behala","title":{"rendered":"20 Jahre LogistikNetz BB | Sommerfest bei der BEHALA"},"content":{"rendered":"<p><strong>20 Jahre \u2013 das sind zwei Jahrzehnte voller Vernetzung, Innovation und gemeinsamer Entwicklung f\u00fcr den Logistikstandort Berlin-Brandenburg.<\/strong>\u00a0Dieses besondere Jubil\u00e4um m\u00f6chten wir mit Ihnen beim diesj\u00e4hrigen <a href=\"https:\/\/logistiknetz-bb.de\/wp-content\/uploads\/2026\/04\/Einladung-Sommerfest-2026-ohne-Bild.pdf\">LNBB-Sommerfest<\/a> feiern.<\/p>\n<p>Am\u00a0<strong>3. September 2026<\/strong>\u00a0l\u00e4dt Sie das LogistikNetz Berlin-Brandenburg e.V. herzlich zur BEHALA ein. Der traditionsreiche Hafenbetreiber steht wie kaum ein anderer f\u00fcr die Verbindung von Berliner Logistikgeschichte und zukunftsweisender Mobilit\u00e4t \u2013 ein perfekter Ort, um auf erfolgreiche Jahre zur\u00fcckzublicken und auf die gemeinsame Zukunft anzusto\u00dfen.<\/p>\n<p><strong>Was Sie erwartet:<\/strong><\/p>\n<ul>\n<li><strong>Hafenatmosph\u00e4re<\/strong><\/li>\n<li><strong>Jubil\u00e4umsempfang<\/strong>\u00a0mit Gru\u00dfworten des Vorstandsvorsitzenden Prof. Dr.-Ing. Frank Gillert<\/li>\n<li><strong>R\u00fcckblick auf 20 Jahre LNBB<\/strong>\u00a0\u2013 Meilensteine, Anekdoten und ein Dank an alle, die den Verein gepr\u00e4gt haben<\/li>\n<li><strong>Austausch &amp; Networking<\/strong> bei k\u00fchlen Getr\u00e4nken und sommerlichem Catering<\/li>\n<\/ul>\n<p><strong>Ihre Anmeldung:<\/strong><br \/>\nBitte melden Sie sich bis zum\u00a0<strong>20. August 2026<\/strong>\u00a0an unter: <strong><a href=\"mailto:office@logistiknetz-bb.de\">office@logistiknetz-bb.de<\/a><\/strong><\/p>\n<p>Die Teilnahme ist kostenlos. G\u00e4ste sind herzlich willkommen.<\/p>\n<p><strong>Wir freuen uns darauf, mit Ihnen bei Hafenbrise und guter Laune auf 20 Jahre LogistikNetz Berlin-Brandenburg anzusto\u00dfen! <a href=\"https:\/\/logistiknetz-bb.de\/wp-content\/uploads\/2026\/04\/Einladung-Sommerfest-2026-ohne-Bild.pdf\">Einladung Sommerfest 2026 <\/a><\/strong><\/p>\n","protected":false},"excerpt":{"rendered":"<p>20 Jahre \u2013 das sind zwei Jahrzehnte voller Vernetzung, Innovation und gemeinsamer Entwicklung f\u00fcr den Logistikstandort Berlin-Brandenburg.\u00a0Dieses besondere Jubil\u00e4um m\u00f6chten wir mit Ihnen beim diesj\u00e4hrigen LNBB-Sommerfest feiern. Am\u00a03. September 2026\u00a0l\u00e4dt &#8230;<\/p>\n","protected":false},"author":3,"featured_media":3961,"comment_status":"closed","ping_status":"closed","template":"","meta":{"inline_featured_image":false,"_tribe_events_status":"","_tribe_events_status_reason":""},"tags":[],"tribe_events_cat":[],"_links":{"self":[{"href":"https:\/\/logistiknetz-bb.de\/index.php?rest_route=\/wp\/v2\/tribe_events\/3987"}],"collection":[{"href":"https:\/\/logistiknetz-bb.de\/index.php?rest_route=\/wp\/v2\/tribe_events"}],"about":[{"href":"https:\/\/logistiknetz-bb.de\/index.php?rest_route=\/wp\/v2\/types\/tribe_events"}],"author":[{"embeddable":true,"href":"https:\/\/logistiknetz-bb.de\/index.php?rest_route=\/wp\/v2\/users\/3"}],"replies":[{"embeddable":true,"href":"https:\/\/logistiknetz-bb.de\/index.php?rest_route=%2Fwp%2Fv2%2Fcomments&post=3987"}],"version-history":[{"count":2,"href":"https:\/\/logistiknetz-bb.de\/index.php?rest_route=\/wp\/v2\/tribe_events\/3987\/revisions"}],"predecessor-version":[{"id":3991,"href":"https:\/\/logistiknetz-bb.de\/index.php?rest_route=\/wp\/v2\/tribe_events\/3987\/revisions\/3991"}],"wp:featuredmedia":[{"embeddable":true,"href":"https:\/\/logistiknetz-bb.de\/index.php?rest_route=\/wp\/v2\/media\/3961"}],"wp:attachment":[{"href":"https:\/\/logistiknetz-bb.de\/index.php?rest_route=%2Fwp%2Fv2%2Fmedia&parent=3987"}],"wp:term":[{"taxonomy":"post_tag","embeddable":true,"href":"https:\/\/logistiknetz-bb.de\/index.php?rest_route=%2Fwp%2Fv2%2Ftags&post=3987"},{"taxonomy":"tribe_events_cat","embeddable":true,"href":"https:\/\/logistiknetz-bb.de\/index.php?rest_route=%2Fwp%2Fv2%2Ftribe_events_cat&post=3987"}],"curies":[{"name":"wp","href":"https:\/\/api.w.org\/{rel}","templated":true}]}}